{"id":22091,"date":"2025-12-04T14:16:09","date_gmt":"2025-12-04T13:16:09","guid":{"rendered":"https:\/\/handbag-sense.com\/?post_type=product&#038;p=22091"},"modified":"2025-12-04T14:39:22","modified_gmt":"2025-12-04T13:39:22","slug":"evelyne-iii-29-maurice-vert-jade","status":"publish","type":"product","link":"https:\/\/handbag-sense.com\/es\/producto\/evelyne-iii-29-maurice-vert-jade\/","title":{"rendered":"Evelyne III 29 Maurice Vert Jade"},"content":{"rendered":"<div class=\"c-columns-m-1 c-columns-2 c-columns-gap-s\">\n<div><strong>Material:<\/strong> Taurillon Maurice Cuero<br \/>\n<strong>Color:<\/strong> Vert Jade<br \/>\n<strong>Elementos met\u00e1licos:<\/strong> Herrajes de paladio<\/div>\n<div><strong>Material interior:<\/strong> Piel natural<\/div>\n<div><strong>Grado: <\/strong>2\u00a0<img decoding=\"async\" class=\"info_box alignnone size-medium wp-image-885\" title=\"Informaci\u00f3n\" role=\"img\" src=\"https:\/\/handbag-sense.com\/wp-content\/uploads\/2023\/05\/info_icon.svg\" alt=\"Cuadro de informaci\u00f3n\" width=\"15\" height=\"15\" \/><br \/>\n<strong>A\u00f1o de producci\u00f3n\/Sello:<\/strong> 2022 \/ U<br \/>\n<strong>Tama\u00f1o:<\/strong> 29 x 30 x 8 cm<br \/>\n<strong>Naviero:<\/strong> Mundial<\/div>\n<\/div>\n<p><strong>Incluye:<\/strong> Recibo original, bolsa guardapolvo, correa, folleto, caja<\/p>\n","protected":false},"excerpt":{"rendered":"<p data-start=\"3473\" data-end=\"3571\"><strong data-start=\"3473\" data-end=\"3569\">Herm\u00e8s Evelyne III 29 Maurice Vert Jade con Herrajes de Paladio \u2013 Como Nueva (Sello U, 2022)<\/strong><\/p>\n<p data-start=\"3573\" data-end=\"4063\">Esta <strong data-start=\"3578\" data-end=\"3603\">Herm\u00e8s Evelyne III 29<\/strong> est\u00e1 confeccionada en suave cuero Maurice en el impresionante tono Vert Jade, combinado con herrajes de paladio. Probada solo una vez, se mantiene en <strong data-start=\"3754\" data-end=\"3778\">condici\u00f3n como nueva<\/strong>, sin se\u00f1ales visibles de uso. Presenta el caracter\u00edstico \u00f3valo perforado con la \u201cH\u201d de Herm\u00e8s, costuras tonales y el cl\u00e1sico cierre de leng\u00fceta. El set incluye la correa desmontable, dust bag de Herm\u00e8s, la ic\u00f3nica caja naranja y la factura original de 2022 (datos personales ocultos).<\/p>\n<p data-start=\"4065\" data-end=\"4486\">La <strong data-start=\"4068\" data-end=\"4096\">Herm\u00e8s Evelyne Vert Jade<\/strong> representa elegancia discreta y funcionalidad moderna. Su tama\u00f1o mediano ofrece el equilibrio perfecto: suficiente espacio para lo esencial del d\u00eda a d\u00eda, sin perder un perfil ligero y estilizado. El cuero Maurice combina suavidad y estructura, permitiendo que el bolso mantenga su forma mientras cae con elegancia. El tono Vert Jade a\u00f1ade un toque fresco y sofisticado a cualquier estilo.<\/p>\n<p data-start=\"4488\" data-end=\"4685\">Gracias a su correa ajustable de canvas y cuero, la Evelyne III 29 puede llevarse c\u00f3modamente cruzada o al hombro. Un bolsillo exterior trasero aporta practicidad sin afectar el dise\u00f1o minimalista.<\/p>\n<p data-start=\"4687\" data-end=\"5026\">Fiel al legado artesanal de Herm\u00e8s, cada detalle \u2014desde las costuras hasta los materiales\u2014 cumple con los est\u00e1ndares m\u00e1s altos de la maison. M\u00e1s que un bolso cotidiano, la Evelyne III 29 ofrece un fuerte atractivo entre coleccionistas, combinando funcionalidad, estilo atemporal y un valor de inversi\u00f3n duradero en una sola pieza elegante.<\/p>\n","protected":false},"featured_media":22078,"template":"","meta":[],"product_brand":[2433],"product_cat":[1860,1813,1820],"product_tag":[2038],"class_list":{"0":"post-22091","1":"product","2":"type-product","3":"status-publish","4":"has-post-thumbnail","6":"product_brand-hermes-es","7":"product_cat-bandolera","8":"product_cat-bolso","9":"product_cat-bolso-cruzado","10":"product_tag-hermes-evelyne-iii-33-es","11":"pa_brand-hermes-es","12":"pa_color-verde","13":"pa_grade-grado-2","14":"pa_hermes-models-evelyne-es","15":"pa_material-cuero","17":"first","18":"outofstock","19":"shipping-taxable","20":"product-type-simple"},"_links":{"self":[{"href":"https:\/\/handbag-sense.com\/es\/wp-json\/wp\/v2\/product\/22091","targetHints":{"allow":["GET"]}}],"collection":[{"href":"https:\/\/handbag-sense.com\/es\/wp-json\/wp\/v2\/product"}],"about":[{"href":"https:\/\/handbag-sense.com\/es\/wp-json\/wp\/v2\/types\/product"}],"wp:featuredmedia":[{"embeddable":true,"href":"https:\/\/handbag-sense.com\/es\/wp-json\/wp\/v2\/media\/22078"}],"wp:attachment":[{"href":"https:\/\/handbag-sense.com\/es\/wp-json\/wp\/v2\/media?parent=22091"}],"wp:term":[{"taxonomy":"product_brand","embeddable":true,"href":"https:\/\/handbag-sense.com\/es\/wp-json\/wp\/v2\/product_brand?post=22091"},{"taxonomy":"product_cat","embeddable":true,"href":"https:\/\/handbag-sense.com\/es\/wp-json\/wp\/v2\/product_cat?post=22091"},{"taxonomy":"product_tag","embeddable":true,"href":"https:\/\/handbag-sense.com\/es\/wp-json\/wp\/v2\/product_tag?post=22091"}],"curies":[{"name":"wp","href":"https:\/\/api.w.org\/{rel}","templated":true}]}}